{"id":69,"date":"2019-09-10T18:54:25","date_gmt":"2019-09-10T16:54:25","guid":{"rendered":"https:\/\/rittenhofen.wordpress.com\/?page_id=69"},"modified":"2021-08-25T18:39:19","modified_gmt":"2021-08-25T18:39:19","slug":"alt-rittenhofen","status":"publish","type":"page","link":"https:\/\/rittenhofen.de\/?page_id=69","title":{"rendered":"Alt-Rittenhofen"},"content":{"rendered":"\n<p>Die Anf\u00e4nge<\/p>\n\n\n\n<p>Vom heutigen K\u00f6llerbacher Ortsteil Rittenhofen war schon um 700 als\n&#8222;Rudenhofen&#8220; oder &#8222;Rudenhof&#8220; erstmals die Rede, im\nJahrgedinge von 1418 wurde ein Hans von Ritenhofe genannt und fest steht, dass\n1477 die ersten Kohlengruben des K\u00f6llertals in Rittenhofen lagen: &#8222;drei\nFrohner hant kolen gegraben zu Ritenhoven&#8220; ist in den Rechnungen des Amtes\nBucherbach zu lesen. Von Ritenhofen ging der Kohlebergbau in K\u00f6llerbach aus,\naber der Ortsteil war vor allem von der Landwirtschaft gepr\u00e4gt.<\/p>\n\n\n\n<figure class=\"wp-block-image size-large\"><img loading=\"lazy\" decoding=\"async\" width=\"446\" height=\"520\" src=\"http:\/\/rittenhofen.de\/wp-content\/uploads\/2019\/10\/kataster-1758.jpg?w=446\" alt=\"Katasterkarte von Rittenhofen um 1758\" class=\"wp-image-149\" srcset=\"https:\/\/rittenhofen.de\/wp-content\/uploads\/2019\/10\/kataster-1758.jpg 446w, https:\/\/rittenhofen.de\/wp-content\/uploads\/2019\/10\/kataster-1758-257x300.jpg 257w\" sizes=\"auto, (max-width: 446px) 100vw, 446px\" \/><\/figure>\n\n\n\n<p>Alfons Himbert<\/p>\n\n\n\n<figure class=\"wp-block-image size-large\"><img loading=\"lazy\" decoding=\"async\" width=\"333\" height=\"250\" src=\"http:\/\/rittenhofen.de\/wp-content\/uploads\/2019\/10\/ahimbert.jpg?w=333\" alt=\"Foto von Anfons Himbert\" class=\"wp-image-150\" srcset=\"https:\/\/rittenhofen.de\/wp-content\/uploads\/2019\/10\/ahimbert.jpg 333w, https:\/\/rittenhofen.de\/wp-content\/uploads\/2019\/10\/ahimbert-300x225.jpg 300w\" sizes=\"auto, (max-width: 333px) 100vw, 333px\" \/><\/figure>\n\n\n\n<p>\u00a9 Saarbr\u00fccker Wochenspiegesl<\/p>\n\n\n\n<p>Alfons Himbert geh\u00f6rt in Rittenhofen zu den &#8222;Institutionen&#8220;. Er\nbesch\u00e4ftigt sich schon seit Jahren damit, das Wissen der Altvorderen und \u00fcber\nRittenhofen, seine Heimat, zu bewahren. Zusammen mit seiner Ehefrau Anni und\nseiner Tochter Irmgard hat er in alten Heimatb\u00fcchern gest\u00f6bert, Flurkarten und\nKirchenb\u00fccher durchforstet, in Archiven sich durch verstaubte historische B\u00e4nde\ngew\u00fchlt, sich mit Heimatforschern aus dem K\u00f6llertal besprochen und historische\nFotografien gesammelt. Im Bildhintergrund sieht man 2 wichtige St\u00fccke seiner\nSammlung &#8211; eine historische Bannkarte und die an anderer Stelle gezeigte\nUrkunde.<br>\n&nbsp;<\/p>\n\n\n\n<p>Wasser von Rittenhofen<\/p>\n\n\n\n<p>Alfons Himbert (geb. 1934) hat im Wochenspiegel vom 1. August 2006 einen\nArtikel \u00fcber das Wasser von\/in Rittenhofen ver\u00f6ffentlicht:<br>\n&nbsp;<br>\n&#8222;Die erste Wasserleitung in Rittenhofen wurde 1908 verlegt vom\nFrammersbronnen, jetzt Bramersbrunnen, ca. 100 m unterhalb des Staatsforstes\nHohe First gelegen. Die Brunnenstube befindet sich auf dem Gewann\n&#8230;&#8220;&nbsp;<a href=\"https:\/\/www.rittenhofen.de\/rittenhofen\/ws1.html\">weiter<\/a><br>\n&nbsp;<\/p>\n\n\n\n<p>Rittenhofen nach 1758<\/p>\n\n\n\n<p>Der zweite historische Artikel im Wochenspiegel (27.03.2007) von Alfons\nHimbert ist der Vermessung des Rittenhofer Banns 1741 &#8211; 1768 gewidmet:<br>\n&nbsp;<br>\n&#8222;Auf Hochf\u00fcrstlichen Gn\u00e4digsten Befehl bei der General-Renovatur der\nGrafschaft Saarbr\u00fccken, unter der Aufsicht derer hier zu Gn\u00e4digst ernannten\nCommissariorum &#8230;&#8220;&nbsp;<a href=\"https:\/\/www.rittenhofen.de\/rittenhofen\/ws2.html\">weiter<\/a><br>\n&nbsp;<\/p>\n\n\n\n<p>Karl-Heinz Janson<\/p>\n\n\n\n<figure class=\"wp-block-image size-large\"><img loading=\"lazy\" decoding=\"async\" width=\"202\" height=\"332\" src=\"http:\/\/rittenhofen.de\/wp-content\/uploads\/2019\/10\/khjanson.jpg?w=202\" alt=\"Foto von Karl-Heinz Janson\" class=\"wp-image-151\" srcset=\"https:\/\/rittenhofen.de\/wp-content\/uploads\/2019\/10\/khjanson.jpg 202w, https:\/\/rittenhofen.de\/wp-content\/uploads\/2019\/10\/khjanson-183x300.jpg 183w\" sizes=\"auto, (max-width: 202px) 100vw, 202px\" \/><\/figure>\n\n\n\n<p>&nbsp;\u00a9 Foto:\nSaarbr\u00fccker Zeitung<\/p>\n\n\n\n<p>Karl-Heinz Janson, der Vorsitzende des&nbsp;<a href=\"http:\/\/www.industriekultur-heusweiler.de\/\" target=\"_blank\" rel=\"noreferrer noopener\">Verein f\u00fcr Industriekultur und Geschichte\nHeusweiler-Dilsburg e.V.<\/a>, ist ein bekannter Heimatforscher im\nK\u00f6llerbachtal.<br>\nEr schreibt in dem Artikel, der im &#8222;K\u00f6llerbacher Boten&#8220; erschien,\n\u00fcber den Steinkohlebergbau in Rittenhofen, dem \u00e4ltesten Abbaugebiet im K\u00f6llerbachtal.<br>\n&nbsp;<\/p>\n\n\n\n<p>Eine gute Flammkohle<\/p>\n\n\n\n<p>&#8222;K\u00f6llerbach. Ein gro\u00dfes Bergwerk gab es in dem K\u00f6llerbacher Ortsteil\nRittenhofen nie. Trotzdem hatte der Bergbau \u00fcber f\u00fcnf Jahrhunderte, zu\nverschiedenen Perioden, immer wieder das Leben des Ortsteils Rittenhofen\nbeeinflusst &#8230;&#8220;&nbsp;<a href=\"https:\/\/www.rittenhofen.de\/rittenhofen\/kb1.html\">weiter<\/a><br>\n&nbsp;<\/p>\n\n\n\n<p>\u00a9 2019 F\u00f6rderverein\u201eDorf Rittenhofen e.V.\u201d<\/p>\n","protected":false},"excerpt":{"rendered":"<p>Die Anf\u00e4nge Vom heutigen K\u00f6llerbacher Ortsteil Rittenhofen war schon um 700 als &#8222;Rudenhofen&#8220; oder &#8222;Rudenhof&#8220; erstmals die Rede, im Jahrgedinge von 1418 wurde ein Hans von Ritenhofe genannt und fest steht, dass 1477 die ersten Kohlengruben des K\u00f6llertals in Rittenhofen lagen: &#8222;drei Frohner hant kolen gegraben zu Ritenhoven&#8220; ist in den Rechnungen des Amtes Bucherbach&hellip; <a href=\"https:\/\/rittenhofen.de\/?page_id=69\" class=\"more-link\">Weiterlesen <span class=\"screen-reader-text\">Alt-Rittenhofen<\/span><\/a><\/p>\n","protected":false},"author":1,"featured_media":0,"parent":0,"menu_order":0,"comment_status":"closed","ping_status":"closed","template":"","meta":{"footnotes":""},"tags":[],"class_list":["post-69","page","type-page","status-publish","hentry","without-featured-image"],"jetpack_sharing_enabled":true,"_links":{"self":[{"href":"https:\/\/rittenhofen.de\/index.php?rest_route=\/wp\/v2\/pages\/69","targetHints":{"allow":["GET"]}}],"collection":[{"href":"https:\/\/rittenhofen.de\/index.php?rest_route=\/wp\/v2\/pages"}],"about":[{"href":"https:\/\/rittenhofen.de\/index.php?rest_route=\/wp\/v2\/types\/page"}],"author":[{"embeddable":true,"href":"https:\/\/rittenhofen.de\/index.php?rest_route=\/wp\/v2\/users\/1"}],"replies":[{"embeddable":true,"href":"https:\/\/rittenhofen.de\/index.php?rest_route=%2Fwp%2Fv2%2Fcomments&post=69"}],"version-history":[{"count":1,"href":"https:\/\/rittenhofen.de\/index.php?rest_route=\/wp\/v2\/pages\/69\/revisions"}],"predecessor-version":[{"id":322,"href":"https:\/\/rittenhofen.de\/index.php?rest_route=\/wp\/v2\/pages\/69\/revisions\/322"}],"wp:attachment":[{"href":"https:\/\/rittenhofen.de\/index.php?rest_route=%2Fwp%2Fv2%2Fmedia&parent=69"}],"wp:term":[{"taxonomy":"post_tag","embeddable":true,"href":"https:\/\/rittenhofen.de\/index.php?rest_route=%2Fwp%2Fv2%2Ftags&post=69"}],"curies":[{"name":"wp","href":"https:\/\/api.w.org\/{rel}","templated":true}]}}